{"id":15572,"date":"2023-11-04T03:05:19","date_gmt":"2023-11-04T02:05:19","guid":{"rendered":"http:\/\/innocentiemangonipiante.it\/skimmia-japonica-rubella\/"},"modified":"2023-11-08T13:09:58","modified_gmt":"2023-11-08T12:09:58","slug":"skimmia-japonica-rubella","status":"publish","type":"product","link":"https:\/\/innocentiemangonipiante.it\/de\/skimmia-japonica-rubella\/","title":{"rendered":"SKIMMIA japonica &#8218;Rubella&#8216;"},"content":{"rendered":"<p>Kleiner immergr\u00fcner Strauch mit aufrechtem Wuchs. Die wechselst\u00e4ndigen, ovalen bis eif\u00f6rmigen, ledernen, steifen Bl\u00e4tter sind leuchtend dunkelgr\u00fcn mit zarten rosa bis intesiv roten R\u00e4ndern. Im Laufe des Winters tr\u00e4gt er kleine purpurrote Knospen, aus denen im M\u00e4rz &#8211; April m\u00e4nnliche wei\u00df-gelbe Bl\u00fcten sprie\u00dfen.<\/p>\n","protected":false},"excerpt":{"rendered":"<p>Kleiner immergr\u00fcner Strauch mit aufrechtem Wuchs. Die wechselst\u00e4ndigen, ovalen bis eif\u00f6rmigen, ledernen, steifen Bl\u00e4tter sind leuchtend dunkelgr\u00fcn mit zarten rosa bis intesiv roten R\u00e4ndern. Im Laufe des Winters tr\u00e4gt er kleine purpurrote Knospen, aus denen im M\u00e4rz &#8211; April m\u00e4nnliche wei\u00df-gelbe Bl\u00fcten sprie\u00dfen.<\/p>\n","protected":false},"featured_media":5537,"template":"","meta":{"_acf_changed":false},"product_brand":[],"product_cat":[8816],"product_tag":[10898],"class_list":{"0":"post-15572","1":"product","2":"type-product","3":"status-publish","4":"has-post-thumbnail","6":"product_cat-hartnaeckige-baeume-und-straeucher","7":"product_tag-naturlichen","8":"pa_altezza-massima-100-de","9":"pa_altezza-massima-150-de","10":"pa_colore-delle-foglie-vielfaeltigen","11":"pa_colore-fioritura-rot","12":"pa_condizionamento-clt-de","13":"pa_famiglia-rutaceae-de","14":"pa_genere-skimmia-de","15":"pa_inquinamento-bestaendigkeit-gegen-smog","16":"pa_origine-ostasien","17":"pa_periodo-fioritura-dezember","18":"pa_periodo-fioritura-november-de","19":"pa_portamento-arrotondato-de","20":"pa_profumo-zart","21":"pa_resistenza-climatica-sehr-hoch","22":"pa_utilizzo-balkone","23":"pa_utilizzo-kleine-gaerten","25":"first","26":"instock","27":"purchasable","28":"product-type-simple"},"acf":[],"_links":{"self":[{"href":"https:\/\/innocentiemangonipiante.it\/de\/wp-json\/wp\/v2\/product\/15572","targetHints":{"allow":["GET"]}}],"collection":[{"href":"https:\/\/innocentiemangonipiante.it\/de\/wp-json\/wp\/v2\/product"}],"about":[{"href":"https:\/\/innocentiemangonipiante.it\/de\/wp-json\/wp\/v2\/types\/product"}],"wp:featuredmedia":[{"embeddable":true,"href":"https:\/\/innocentiemangonipiante.it\/de\/wp-json\/wp\/v2\/media\/5537"}],"wp:attachment":[{"href":"https:\/\/innocentiemangonipiante.it\/de\/wp-json\/wp\/v2\/media?parent=15572"}],"wp:term":[{"taxonomy":"product_brand","embeddable":true,"href":"https:\/\/innocentiemangonipiante.it\/de\/wp-json\/wp\/v2\/product_brand?post=15572"},{"taxonomy":"product_cat","embeddable":true,"href":"https:\/\/innocentiemangonipiante.it\/de\/wp-json\/wp\/v2\/product_cat?post=15572"},{"taxonomy":"product_tag","embeddable":true,"href":"https:\/\/innocentiemangonipiante.it\/de\/wp-json\/wp\/v2\/product_tag?post=15572"}],"curies":[{"name":"wp","href":"https:\/\/api.w.org\/{rel}","templated":true}]}}