{"id":12574,"date":"2023-11-04T00:06:32","date_gmt":"2023-11-03T23:06:32","guid":{"rendered":"http:\/\/innocentiemangonipiante.it\/celtis-australis\/"},"modified":"2023-11-06T14:17:06","modified_gmt":"2023-11-06T13:17:06","slug":"celtis-australis","status":"publish","type":"product","link":"https:\/\/innocentiemangonipiante.it\/fr\/celtis-australis\/","title":{"rendered":"CELTIS australis"},"content":{"rendered":"<p>\u201cMicocoulier de Provence\u201d. Arbre \u00e0 feuille caduque au port ample. Les feuilles, d\u2019ov\u00e9es \u00e0 lanc\u00e9ol\u00e9es, rugueuses et dentel\u00e9es, d\u2019une longueur de 15 cm, sont d\u2019une couleur vert fonc\u00e9 dessus et vert plus clair dessous. L\u2019\u00e9corce est lisse de couleur gris clair. Vari\u00e9t\u00e9 exceptionnellement rustique, particuli\u00e8rement conseill\u00e9e pour les sols calcaires.<\/p>\n","protected":false},"excerpt":{"rendered":"<p>\u201cMicocoulier de Provence\u201d. Arbre \u00e0 feuille caduque au port ample. Les feuilles, d\u2019ov\u00e9es \u00e0 lanc\u00e9ol\u00e9es, rugueuses et dentel\u00e9es, d\u2019une longueur de 15 cm, sont d\u2019une couleur vert fonc\u00e9 dessus et vert plus clair dessous. L\u2019\u00e9corce est lisse de couleur gris clair. Vari\u00e9t\u00e9 exceptionnellement rustique, particuli\u00e8rement conseill\u00e9e pour les sols calcaires.<\/p>\n","protected":false},"featured_media":1548,"template":"","meta":{"_acf_changed":false},"product_brand":[],"product_cat":[8812,9230],"product_tag":[10897,8400],"class_list":{"0":"post-12574","1":"product","2":"type-product","3":"status-publish","4":"has-post-thumbnail","6":"product_cat-arbres-et-arbustes-a-feuilles-caduques","7":"product_cat-arbres-et-plantes-du-futur","8":"product_tag-naturelle","9":"product_tag-tige","10":"pa_altezza-massima-15-metres","11":"pa_altezza-massima-25-metres","12":"pa_condizionamento-clt-fr","13":"pa_condizionamento-motte","14":"pa_famiglia-ulmaceae-fr-2","15":"pa_genere-celtis-fr","16":"pa_inquinamento-resistance-a-la-pollution","17":"pa_origine-afrique-du-nord","18":"pa_portamento-arrondi","19":"pa_resistenza-climatica-tres-elevee","20":"pa_resistenza-del-suolo-resistant-aux-sols-calcaires","21":"pa_resistenza-del-suolo-resistant-aux-sols-pauvres","22":"pa_resistenza-del-suolo-resistant-aux-sols-secs","23":"pa_utilizzo-avenues-fr","25":"first","26":"instock","27":"purchasable","28":"product-type-simple"},"acf":[],"_links":{"self":[{"href":"https:\/\/innocentiemangonipiante.it\/fr\/wp-json\/wp\/v2\/product\/12574","targetHints":{"allow":["GET"]}}],"collection":[{"href":"https:\/\/innocentiemangonipiante.it\/fr\/wp-json\/wp\/v2\/product"}],"about":[{"href":"https:\/\/innocentiemangonipiante.it\/fr\/wp-json\/wp\/v2\/types\/product"}],"wp:featuredmedia":[{"embeddable":true,"href":"https:\/\/innocentiemangonipiante.it\/fr\/wp-json\/wp\/v2\/media\/1548"}],"wp:attachment":[{"href":"https:\/\/innocentiemangonipiante.it\/fr\/wp-json\/wp\/v2\/media?parent=12574"}],"wp:term":[{"taxonomy":"product_brand","embeddable":true,"href":"https:\/\/innocentiemangonipiante.it\/fr\/wp-json\/wp\/v2\/product_brand?post=12574"},{"taxonomy":"product_cat","embeddable":true,"href":"https:\/\/innocentiemangonipiante.it\/fr\/wp-json\/wp\/v2\/product_cat?post=12574"},{"taxonomy":"product_tag","embeddable":true,"href":"https:\/\/innocentiemangonipiante.it\/fr\/wp-json\/wp\/v2\/product_tag?post=12574"}],"curies":[{"name":"wp","href":"https:\/\/api.w.org\/{rel}","templated":true}]}}